{"id":92,"date":"2021-03-04T12:52:12","date_gmt":"2021-03-04T12:52:12","guid":{"rendered":"http:\/\/www.theologicka-revue.cz\/?page_id=92"},"modified":"2021-03-15T12:45:58","modified_gmt":"2021-03-15T12:45:58","slug":"pro-autory","status":"publish","type":"page","link":"https:\/\/www.theologicka-revue.cz\/index.php\/pro-autory\/","title":{"rendered":"Pro autory"},"content":{"rendered":"\n<h2>Term\u00edny pro odevzd\u00e1n\u00ed p\u0159\u00edsp\u011bvk\u016f<\/h2>\n\n\n\n<div class=\"wp-block-group\"><div class=\"wp-block-group__inner-container\">\n<div class=\"wp-block-group\"><div class=\"wp-block-group__inner-container\"><\/div><\/div>\n<\/div><\/div>\n\n\n<p align=\"left\">Do 1. \u010d\u00edsla k <strong>31. prosinci<\/strong> p\u0159edchoz\u00edho roku.<br>Do 2. \u010d\u00edsla k <strong>31. b\u0159eznu<\/strong>.<br>Do 3. \u010d\u00edsla k <strong>23. \u010dervnu<\/strong>.<br>Do 4. \u010d\u00edsla k <strong>30. z\u00e1\u0159\u00ed<\/strong>.<\/p>\n\n\n<h2>Pokyny pro autory<\/h2>\n\n\n\n<p>\u010casopis uve\u0159ej\u0148uje p\u016fvodn\u00ed odborn\u00e9 \u010dl\u00e1nky a studie, zpr\u00e1vy a recenze prim\u00e1rn\u011b z oblasti teologick\u00e9ho kompendia. Autor je pln\u011b odpov\u011bdn\u00fd za p\u016fvodnost pr\u00e1ce a za jej\u00ed v\u011bcnou, jazykovou a form\u00e1ln\u00ed spr\u00e1vnost.<\/p>\n\n\n\n<ul><li>Auto\u0159i p\u0159edkl\u00e1daj\u00ed k recenzn\u00edmu \u0159\u00edzen\u00ed sv\u00e1 p\u016fvodn\u00ed d\u00edla. Nem\u011blo by se jednat o ji\u017e vydan\u00e1 \u010di jen m\u00edrn\u011b p\u0159epracovan\u00e1 d\u00edla.<\/li><li>Auto\u0159i nesou odpov\u011bdnost za dodr\u017een\u00ed etick\u00fdch z\u00e1sad p\u0159i v\u00fdzkumn\u00e9 pr\u00e1ci a publikaci jejich v\u00fdsledk\u016f, p\u0159edev\u0161\u00edm se jedn\u00e1 o dodr\u017een\u00ed v\u00fdzkumn\u00e9 a cita\u010dn\u00ed etiky.<\/li><li>Pod p\u0159\u00edsp\u011bvkem jsou podeps\u00e1ni pouze auto\u0159i (spolu s autory, kte\u0159\u00ed spolupracovali na vzniku \u010dl\u00e1nku).<\/li><li>V p\u0159\u00edsp\u011bvku je mo\u017en\u00e9 zve\u0159ejnit i jm\u00e9na dal\u0161\u00edch lid\u00ed spolupracuj\u00edc\u00edch na v\u00fdzkumu (kte\u0159\u00ed nejsou z\u00e1rove\u0148 autory \u010dl\u00e1nku), standardn\u011b za \u010dl\u00e1nkem jako Pod\u011bkov\u00e1n\u00ed.<\/li><li>Auto\u0159i uv\u00e1d\u011bj\u00ed zpravidla zdroje financov\u00e1n\u00ed v\u00fdzkumu.<\/li><li>Auto\u0159i odpov\u00eddaj\u00ed za jazykovou a form\u00e1ln\u00ed spr\u00e1vnost \u010dl\u00e1nku. Tu nelze prov\u00e1d\u011bt v r\u00e1mci korektury\/imprimatur.<\/li><\/ul>\n\n\n\n<h2>Zp\u016fsob odevzd\u00e1v\u00e1n\u00ed rukopis\u016f<\/h2>\n\n\n\n<p>P\u0159\u00edsp\u011bvky a n\u00e1m\u011bty zas\u00edlejte na adresu redakce. Nevy\u017e\u00e1dan\u00e9 rukopisy se nevracej\u00ed. P\u0159\u00edsp\u011bvky odevzd\u00e1vejte z\u00e1sadn\u011b e-mailem na: <a href=\"mailto:redakce.thr@htf.cuni.cz\">redakce.thr@htf.cuni.cz<\/a><strong> Na p\u0159\u00edsp\u011bvky zaslan\u00e9 na emailov\u00e9 adresy \u010dlen\u016f redak\u010dn\u00ed rady nebude br\u00e1n z\u0159etel.<\/strong><\/p>\n\n\n\n<h2>Recenzn\u00ed \u0159\u00edzen\u00ed<\/h2>\n\n\n\n<div class=\"wp-block-image\"><figure class=\"alignleft size-large\"><img loading=\"lazy\" width=\"220\" height=\"445\" src=\"https:\/\/www.theologicka-revue.cz\/wp-content\/uploads\/2021\/03\/HTF-757-version1-_vysoka_revue_edit2_orezy_555px_220_445_bwf.jpg\" alt=\"\" class=\"wp-image-134\" title=\"\" srcset=\"https:\/\/www.theologicka-revue.cz\/wp-content\/uploads\/2021\/03\/HTF-757-version1-_vysoka_revue_edit2_orezy_555px_220_445_bwf.jpg 220w, https:\/\/www.theologicka-revue.cz\/wp-content\/uploads\/2021\/03\/HTF-757-version1-_vysoka_revue_edit2_orezy_555px_220_445_bwf-148x300.jpg 148w\" sizes=\"(max-width: 220px) 100vw, 220px\" \/><\/figure><\/div>\n\n\n\n<p>Recenzn\u00ed \u0159\u00edzen\u00ed ve sv\u00e9m procesu zaji\u0161\u0165uje kvalitu odborn\u00fdch text\u016f v Theologick\u00e9 revui, kdy jsou do recenzn\u00edho \u0159\u00edzen\u00ed p\u0159ij\u00edm\u00e1ny p\u016fvodn\u00ed stat\u011b poch\u00e1zej\u00edc\u00ed z v\u011bdeck\u00e9ho v\u00fdzkumu.<\/p>\n\n\n\n<p>O zah\u00e1jen\u00ed recenzn\u00edho \u0159\u00edzen\u00ed pro jednotliv\u00e9 texty rozhoduje v\u00fdkonn\u00e1 redak\u010dn\u00ed rada. Pokud p\u0159edlo\u017een\u00fd text nespl\u0148uje po\u017eadovan\u00e1 krit\u00e9ria, m\u016f\u017ee b\u00fdt odm\u00edtnut je\u0161t\u011b p\u0159ed recenzn\u00edm \u0159\u00edzen\u00edm.<\/p>\n\n\n\n<p>Recenzn\u00ed \u0159\u00edzen\u00ed je oboustrann\u011b anonymn\u00ed. Ka\u017ed\u00fd text je posuzov\u00e1n jedn\u00edm nebo dv\u011bma nez\u00e1visl\u00fdmi recenzenty. Ti jsou vyb\u00edr\u00e1ni na z\u00e1klad\u011b zam\u011b\u0159en\u00ed textu \u0161\u00e9fredaktorem nebo z\u00e1stupcem \u0161\u00e9fredaktora a v\u00fdkonnou redak\u010dn\u00ed radou. N\u00e1vrh je pot\u00e9 schvalov\u00e1n.<\/p>\n\n\n\n<p>Text je recenzentem doporu\u010den nebo nedoporu\u010den k publikov\u00e1n\u00ed. Je mo\u017en\u00e9 podm\u00ednit publikov\u00e1n\u00ed \u00fapravami nebo navrhnout kompletn\u00ed p\u0159epracov\u00e1n\u00ed p\u0159\u00edsp\u011bvku. Dojde-li k kompletn\u00edmu p\u0159epracov\u00e1n\u00ed textu, je zah\u00e1jeno nov\u00e9 recenzn\u00ed \u0159\u00edzen\u00ed. Je-li vypracovan\u00fd posudek negativn\u00ed, posuzuje text je\u0161t\u011b druh\u00fd recenzent. Zve\u0159ej\u0148uje se pouze kone\u010dn\u00e1 podoba p\u0159\u00edsp\u011bvku.<\/p>\n\n\n\n<p><\/p>\n\n\n\n<div style=\"height:20px\" aria-hidden=\"true\" class=\"wp-block-spacer\"><\/div>\n\n\n\n<p><\/p>\n\n\n\n<h3>Po\u017eadavky pro zas\u00edlan\u00e9 p\u0159\u00edsp\u011bvky<\/h3>\n\n\n\n<div class=\"wp-block-group\"><div class=\"wp-block-group__inner-container\">\n<ul><li><strong>Form\u00e1t:<\/strong> <strong>Microsoft Office Word<\/strong> (<em>.doc<\/em> nebo <em>.docx<\/em>). <em>Dokumenty z Google Docs nejsou povolen\u00e9.<\/em><strong> <\/strong><\/li><li><strong>Font:<\/strong> <strong>Calibri<\/strong><\/li><li><strong>Velikost:<\/strong> <strong>11.<\/strong><\/li><li><strong>Zarovn\u00e1n\u00ed:<\/strong> <strong>do bloku<\/strong>, neupravovat text (nap\u0159. povinn\u00e9 zalomen\u00ed \u0159\u00e1dku). Nutno vyu\u017e\u00edt tzv. pevn\u00e9 mezery.<\/li><li><strong>\u0158\u00e1dkov\u00e1n\u00ed:<\/strong> <strong>1,5.<\/strong><\/li><li><strong>Pozn\u00e1mkov\u00fd apar\u00e1t: um\u00edst\u011bn\u00fd pod \u010darou, p\u00edsmo Calibri, velikost 8, \u0159\u00e1dkov\u00e1n\u00ed jednoduch\u00e9.<\/strong><\/li><\/ul>\n\n\n\n<p><\/p>\n<\/div><\/div>\n\n\n\n<p><em>(Pozn\u00e1mky v textu vkl\u00e1dejte pomoc\u00ed p\u0159\u00edkaz\u016f Vlo\u017eit a Pozn\u00e1mka pod \u010darou, aby se \u010d\u00edsla pozn\u00e1mek v textu i pod \u010darou automaticky za\u0159adila v podob\u011b horn\u00edho indexu. Pozn\u00e1mky vkl\u00e1dejte za interpunkci)<\/em><\/p>\n\n\n\n<h4>P\u0159\u00edlohy p\u0159\u00edsp\u011bvku<\/h4>\n\n\n\n<ul><li>Jm\u00e9no a p\u0159\u00edjmen\u00ed autora<\/li><li>N\u00e1zev \u010dl\u00e1nku v \u010de\u0161tin\u011b a angli\u010dtin\u011b<\/li><li>Afiliace autora (pracovi\u0161t\u011b) v \u010de\u0161tin\u011b a angli\u010dtin\u011b<\/li><li>Kontaktn\u00ed email<\/li><li>Abstrakt v \u010de\u0161tin\u011b a angli\u010dtin\u011b o maxim\u00e1ln\u00ed d\u00e9lce 1200 znak\u016f v\u010detn\u011b mezer <em>(V abstraktu je t\u0159eba v\u00fdsti\u017en\u011b charakterizovat obsah, metody a v\u00fdsledky p\u0159edkl\u00e1dan\u00e9 pr\u00e1ce.)<\/em><\/li><li>P\u011bt kl\u00ed\u010dov\u00fdch slov v \u010de\u0161tin\u011b a angli\u010dtin\u011b <strong>odd\u011blen\u00fdch st\u0159edn\u00edkem (;)<\/strong><\/li><li>Zdroj financov\u00e1n\u00ed v\u00fdzkumu <em>(Um\u00edst\u011bn\u00ed v pozn\u00e1mce nebo za \u010dl\u00e1nkem. Nevhodn\u00e9 um\u00edst\u011bn\u00ed je jako pozn\u00e1mka u n\u00e1zvu \u010dl\u00e1nku.)<\/em><\/li><\/ul>\n\n\n\n<p><strong>Redakce pros\u00ed autory, aby nechali zkontrolovat<\/strong> <strong>gramatickou spr\u00e1vnost a stylistiku abstraktu p\u0159ed odevzd\u00e1n\u00edm anglick\u00fdm rodil\u00fdm mluv\u010d\u00edm!<\/strong> Grafy, tabulky, p\u0159\u00edpadn\u011b obrazov\u00fd materi\u00e1l vkl\u00e1dejte do textu jen v\u00fdjime\u010dn\u011b a ve vysok\u00e9m rozli\u0161en\u00ed.<\/p>\n\n\n\n<h2>Rozsah a jazyk p\u0159\u00edsp\u011bvk\u016f<\/h2>\n\n\n\n<p>Rozsah studi\u00ed a \u010dl\u00e1nk\u016f, v\u010detn\u011b pozn\u00e1mkov\u00e9ho apar\u00e1tu, je stanoven na minim\u00e1ln\u011b 8 NS (14 400 znak\u016f) a maxim\u00e1ln\u011b 30 NS (54 000 znak\u016f). U recenz\u00ed b\u00fdv\u00e1 obvykl\u00fd rozsah 3\u20135 stran, zpr\u00e1vy (anotace) p\u0159ij\u00edm\u00e1me v rozsahu 1\u20132 strany. U recenz\u00ed a zpr\u00e1v pros\u00edm uve\u010fte na konci bibliografick\u00e9ho z\u00e1znamu i ISBN, resp. ISSN publikac\u00ed.<\/p>\n\n\n\n<p>P\u0159\u00edsp\u011bvky se p\u0159ij\u00edmaj\u00ed napsan\u00e9 v \u010de\u0161tin\u011b a sloven\u0161tin\u011b. Autor odpov\u00edd\u00e1 za gramatickou a stylistickou spr\u00e1vnost odevzdan\u00e9ho textu.<\/p>\n\n\n\n<p>Hebrej\u0161tinu a p\u0159\u00edbuzn\u00e9 jazyky pros\u00edm u\u017e\u00edvejte v textech a pozn\u00e1mk\u00e1ch jen v\u00fdjime\u010dn\u011b, nanejv\u00fd\u0161e u pojm\u016f (Vhodn\u00e9 je v\u0161ak tyto pojmy z\u00e1rove\u0148 doplnit \u010desk\u00fdm p\u0159ekladem v z\u00e1vorce). N\u00e1zvy historiografick\u00fdch a liter\u00e1rn\u00edch d\u011bl a souvisl\u00e9 texty pros\u00edm p\u0159episujte.<\/p>\n\n\n\n<h4>Psan\u00ed \u010d\u00edsel, \u010dasov\u00fdch \u00fadaj\u016f a jmen osob<\/h4>\n\n\n\n<ul><li>V textu rozepisujte slovy \u010d\u00edsla od jedn\u00e9 do deseti, d\u00e1le cel\u00e9 des\u00edtky (nap\u0159. t\u0159icet) a stovky (nap\u0159. dv\u011b st\u011b); tis\u00edce a miliony uv\u00e1d\u011bjte takto: p\u011bt tis\u00edc, t\u0159icet tis\u00edc, 25 tis\u00edc, 839 tis\u00edc, t\u0159i miliony, 456 milion\u016f atd.<\/li><li>Ostatn\u00ed cel\u00e1 \u010d\u00edsla pi\u0161te \u010d\u00edslicemi bez te\u010dek a \u010d\u00e1rek; desetinn\u00e1 \u010d\u00edsla s \u010d\u00e1rkou.<\/li><li>Po po\u010d\u00e1te\u010dn\u00ed a p\u0159ed z\u00e1v\u011bre\u010dnou z\u00e1vorkou ned\u011blejte odklep, podobn\u011b v rozmez\u00ed letopo\u010dt\u016f ned\u011blejte odklepy u poml\u010dky, stejn\u011b jako u str\u00e1nek. Vzory: (historick\u00e9 obdob\u00ed, str\u00e1nkov\u00e1n\u00ed), 1910\u20131915; s. 4\u20136.<\/li><li>Slova rok a stolet\u00ed nezkracujte, nap\u0159. 19. stolet\u00ed, v roce 1915.<\/li><li>Desetilet\u00ed m\u016f\u017eete ps\u00e1t \u010d\u00edslic\u00ed, nap\u0159. 30. l\u00e9ta.<\/li><li>M\u011bs\u00edce pi\u0161te v hlavn\u00edm textu slovem: 15. b\u0159ezna, nikoliv 15.3.<\/li><\/ul>\n\n\n\n<p>V textu se sna\u017ete pou\u017e\u00edvat kurz\u00edvu co nejm\u00e9n\u011b, je ur\u010dena prim\u00e1rn\u011b pro n\u00e1zvy prac\u00ed, p\u0159\u00edpadn\u011b periodik. V textu uv\u00e1d\u011bn\u00e1 jm\u00e9na v\u00fdznamn\u00fdch osobnost\u00ed pi\u0161te p\u0159i prvn\u00edm v\u00fdskytu v pln\u00e9m zn\u011bn\u00ed, tj. cel\u00e9 k\u0159estn\u00ed jm\u00e9no a p\u0159\u00edjmen\u00ed. Doporu\u010dujeme do z\u00e1vorky uv\u00e9st i biografick\u00e9 \u00fadaje.<\/p>\n\n\n\n<h4>Zp\u016fsob citac\u00ed v pozn\u00e1mk\u00e1ch<\/h4>\n\n\n\n<p><strong>Citace v pozn\u00e1mk\u00e1ch se \u0159\u00edd\u00ed normou \u010cSN ISO 690.<\/strong><\/p>\n\n\n\n<p><strong>Elektronick\u00e9 zdroje \u2013 vzory:<\/strong><\/p>\n\n\n\n<div class=\"wp-block-group\"><div class=\"wp-block-group__inner-container\">\n<div class=\"wp-block-group\"><div class=\"wp-block-group__inner-container\">\n<div class=\"wp-block-group\"><div class=\"wp-block-group__inner-container\">\n<ul><li>Cite themright \u2013 electronicinformation.<\/li><li>URL: &lt;http:\/\/www.unn.ac.uk\/central\/isd\/cite\/elec.htm&gt; [cit. 1999-12-10].<\/li><li>HEJTING, Ingo. Interconnectivity and the hybrid library. Ikaros [online].<\/li><li>1999, ro\u010d. 3, c. 10 [cit. 1999-12-31]. Dostupn\u00e9 z &lt;http:\/\/ikaros.ff.cuni.cz&gt;.<\/li><\/ul>\n<\/div><\/div>\n<\/div><\/div>\n<\/div><\/div>\n\n\n\n<p><strong>Citace archivn\u00edho materi\u00e1lu<\/strong><\/p>\n\n\n\n<p>Je t\u0159eba uv\u00e9st n\u00e1zev a m\u00edsto archivu, n\u00e1zev fondu a bli\u017e\u0161\u00ed ur\u010den\u00ed pramene. P\u0159i prvn\u00ed citaci z archivn\u00edho materi\u00e1lu uv\u00e1d\u011bjte v\u017edy \u00fapln\u00fd n\u00e1zev archivu a v z\u00e1vorce pak ofici\u00e1ln\u00ed zkratku archivu pro p\u0159\u00edpad opakovan\u00e9 citace. U zahrani\u010dn\u00edch publikac\u00ed uv\u00e1d\u011bjte m\u00edsto vyd\u00e1n\u00ed tak, jak je uvedeno v tir\u00e1\u017ei: Wien, Prag, London, nikoli V\u00edde\u0148, Praha, Lond\u00fdn. Pokud nen\u00ed uvedeno m\u00edsto vyd\u00e1n\u00ed, pak u\u017eijte zkratku: s. l. (sine loco), pokud nen\u00ed uveden rok: s. a. (sine anno). Zkratkou pro ozna\u010den\u00ed strany nebo stran je s., ro\u010dn\u00edky \u010dasopis\u016f a sborn\u00edk\u016f (ro\u010denek) se uv\u00e1d\u011bj\u00ed arabsk\u00fdmi \u010d\u00edslicemi, d\u00edly v\u00edcesvazkov\u00fdch publikac\u00ed a edic \u0159\u00edmsk\u00fdmi \u010d\u00edslicemi. V hlavn\u00edm textu u\u017e\u00edvejte co nejm\u00e9n\u011b zkratek. V p\u0159\u00edpad\u011b opakovan\u00fdch odkaz\u016f na publikace u\u017e\u00edvejte z\u00e1jmenn\u00fd tvar Ibidem. Je t\u0159eba, aby zp\u016fsob citac\u00ed a zkracov\u00e1n\u00ed byl v cel\u00e9m rukopise jednotn\u00fd.<\/p>\n\n\n\n<h4>D\u011bkujeme za dodr\u017eov\u00e1n\u00ed redak\u010dn\u00edch z\u00e1sad.<\/h4>\n","protected":false},"excerpt":{"rendered":"<p>Term\u00edny pro odevzd\u00e1n\u00ed p\u0159\u00edsp\u011bvk\u016f Do 1. \u010d\u00edsla k 31. prosinci p\u0159edchoz\u00edho roku.Do 2. \u010d\u00edsla k 31. b\u0159eznu.Do 3. \u010d\u00edsla k 23. \u010dervnu.Do 4. \u010d\u00edsla k 30. z\u00e1\u0159\u00ed. Pokyny pro autory \u010casopis uve\u0159ej\u0148uje p\u016fvodn\u00ed odborn\u00e9 \u010dl\u00e1nky a studie, zpr\u00e1vy a recenze prim\u00e1rn\u011b z oblasti teologick\u00e9ho kompendia. Autor je pln\u011b odpov\u011bdn\u00fd za p\u016fvodnost pr\u00e1ce a za jej\u00ed <a class=\"read-more\" href=\"https:\/\/www.theologicka-revue.cz\/index.php\/pro-autory\/\">Read More<\/a><\/p>\n","protected":false},"author":1,"featured_media":0,"parent":0,"menu_order":0,"comment_status":"closed","ping_status":"closed","template":"","meta":[],"_links":{"self":[{"href":"https:\/\/www.theologicka-revue.cz\/index.php\/wp-json\/wp\/v2\/pages\/92"}],"collection":[{"href":"https:\/\/www.theologicka-revue.cz\/index.php\/wp-json\/wp\/v2\/pages"}],"about":[{"href":"https:\/\/www.theologicka-revue.cz\/index.php\/wp-json\/wp\/v2\/types\/page"}],"author":[{"embeddable":true,"href":"https:\/\/www.theologicka-revue.cz\/index.php\/wp-json\/wp\/v2\/users\/1"}],"replies":[{"embeddable":true,"href":"https:\/\/www.theologicka-revue.cz\/index.php\/wp-json\/wp\/v2\/comments?post=92"}],"version-history":[{"count":4,"href":"https:\/\/www.theologicka-revue.cz\/index.php\/wp-json\/wp\/v2\/pages\/92\/revisions"}],"predecessor-version":[{"id":188,"href":"https:\/\/www.theologicka-revue.cz\/index.php\/wp-json\/wp\/v2\/pages\/92\/revisions\/188"}],"wp:attachment":[{"href":"https:\/\/www.theologicka-revue.cz\/index.php\/wp-json\/wp\/v2\/media?parent=92"}],"curies":[{"name":"wp","href":"https:\/\/api.w.org\/{rel}","templated":true}]}}